{"version":"1.0","provider_name":"kulissza.cafeblog.hu","provider_url":"https:\/\/kulissza.cafeblog.hu","author_name":"kulissza","author_url":"https:\/\/kulissza.cafeblog.hu\/author\/kulissza\/","title":"\u00datmutat\u00f3 \u00e1lmodoz\u00f3knak","html":"<p><strong>N\u00e9h\u00e1ny napja, egyik kedves partner\u00fcnk megh\u00edv\u00e1s\u00e1ra Vona Tibor, az ExperiDance alap\u00edt\u00f3ja \u00e9s \u00fcgyvezet\u0151je el\u0151ad\u00e1st tartott fiatal \u00fczletembereknek, jog\u00e1szoknak \u00e9s menedzsereknek. A k\u00f6z\u00f6ns\u00e9g soraiban \u00fcl\u0151k nem kevesebbet akartak megtudni, mint a siker bombabiztos receptj\u00e9t. :) B\u00e1r Tibor ezzel nem szolg\u00e1lhatott, azt el\u00e1rulta, hogyan kelj\u00fcnk fel mindennap \u00fagy, hogy szeretj\u00fck, amit csin\u00e1lunk. \u00c9s mi a siker, ha nem ez?<\/strong><\/p>\r\n<p>Arra gondoltam, hogy a legfontosabb gondolatokat megosztom veletek a blogon, mert mindenkinek hasznosak, aki a munk\u00e1j\u00e1ban szeretne kiteljesedni, nemt\u0151l, kort\u00f3l, tev\u00e9kenys\u00e9gt\u0151l f\u00fcggetlen\u00fcl. Tibor szavaira legyen garancia az, hogy az ExperiDance T\u00e1nct\u00e1rsulat a semmib\u0151l indulva imm\u00e1r 15 \u00e9ve \u00f6rvendezteti meg a n\u00e9z\u0151ket!<\/p>\r\n<p><em>Siker Magyarorsz\u00e1gon\u2026<\/em><\/p>\r\n<p>Haz\u00e1nkban nem divat sikeresnek lenni, a magyarok mintha sz\u00e9gyelln\u00e9k, vagy nem tudn\u00e1nak mit kezdeni vele. Pedig ebben az orsz\u00e1gban rengeteg tehets\u00e9ges ember van, \u00e9s ez meg is mutatkozik, ha kimegy\u00fcnk a vil\u00e1gba. De itthon valahogy kioltjuk egym\u00e1st, pedig ha \u00f6sszefogn\u00e1nk, \u00f3ri\u00e1si dolgokra kenn\u00e9nk k\u00e9pesek. Ne hagyjuk, hogy m\u00e1sok leh\u00fazzanak \u00e9s soha egy pillanatig ne sz\u00e9gyellj\u00fck, ha sikeresek vagyunk!<\/p>\r\n<p><em>A kis l\u00e9p\u00e9sekr\u0151l\u2026<\/em><\/p>\r\n<p>B\u00e1rki, aki ugyan\u00fagy im\u00e1dja a munk\u00e1j\u00e1t, mint \u00e9n, annak pontoson ugyanannyija van, mint nekem. Ez nem f\u00fcgg att\u00f3l, hogy p\u00e1lyakezd\u0151k, vagy be\u00e9rkezett \u00fczletemberek vagyunk. Nem az eredm\u00e9nyeket kell hajszolni, a folyamat, a mindennapi tev\u00e9kenys\u00e9g a l\u00e9nyeg. Ha a mindennapi tev\u00e9kenys\u00e9g \u00f6r\u00f6m\u00e9re koncentr\u00e1lunk, egy buk\u00e1s ut\u00e1n is sokkal k\u00f6nnyebb fel\u00e1llni, hiszen csak a k\u00f6vetkez\u0151 l\u00e9p\u00e9st kell megtenni. \u00c9ppen ez\u00e9rt \u00e9rdemes a nagy \u00e1lmokat j\u00f3l \u00e1tgondolt, kis l\u00e9p\u00e9sekre bontani.<\/p>\r\n<p>\u00a0<a href=\"https:\/\/kulissza.cafeblog.hu\/files\/2015\/03\/2015-03-22-16.03.21.jpg\"><img class=\"alignnone size-large wp-image-327\" src=\"https:\/\/kulissza.cafeblog.hu\/files\/2015\/03\/2015-03-22-16.03.21-600x450.jpg\" alt=\"2015-03-22 16.03.21\" width=\"600\" height=\"450\" \/><\/a><\/p>\r\n<p><em>Az alkot\u00e1s szeretet\u00e9r\u0151l\u2026<\/em><\/p>\r\n<p>Ami engem mozgat, az az alkot\u00e1s szeretete. Az alkot\u00e1st mindenben meg lehet \u00e9s meg is kell tal\u00e1lni: alkot\u00e1s a t\u00e1rgyal\u00e1s, a szervez\u00e9s, az adminisztr\u00e1ci\u00f3 is.<\/p>\r\n<p><em>A gy\u0151zelemr\u0151l\u2026<\/em><\/p>\r\n<p>A ma igazs\u00e1ga, hogy m\u00e1r nem a leger\u0151sebb gy\u0151z, hanem a legalkalmazkod\u00f3bb. Ez az\u00e9rt j\u00f3, mert ha egym\u00e1shoz is alkalmazkodunk, akkor ak\u00e1r t\u00f6bben is gy\u0151zhet\u00fcnk. Legyetek alkalmazkod\u00f3k \u00e9s mindannyian gy\u0151zni fogtok!<\/p>\r\n<p><em>A h\u00e1l\u00e1r\u00f3l\u2026<\/em><\/p>\r\n<p>Fontos, hogy nagy l\u00e9lekkel, nagy sz\u00edvvel \u00e9lj\u00fck meg, amit adott nek\u00fcnk a teremt\u0151. Ha van meleg \u00e1gyunk, ha eg\u00e9szs\u00e9gesek vagyunk \u00e9s nincs h\u00e1bor\u00fa az orsz\u00e1gban, akkor m\u00e1r jobb helyzetben vagyunk az emberis\u00e9g nagy r\u00e9sz\u00e9n\u00e9l. Ak\u00e1r h\u00e1l\u00e1sak is lehet\u00fcnk \u00e9rte.<\/p>\r\n<p>\u00a0<a href=\"https:\/\/kulissza.cafeblog.hu\/files\/2015\/03\/DSC_0371.jpg\"><img class=\"alignnone size-large wp-image-336\" src=\"https:\/\/kulissza.cafeblog.hu\/files\/2015\/03\/DSC_0371-600x399.jpg\" alt=\"DSC_0371\" width=\"600\" height=\"399\" \/><\/a><\/p>\r\n<p>&nbsp;<\/p>\r\n<p>&nbsp;<\/p>","type":"rich","thumbnail_url":"https:\/\/kulissza.cafeblog.hu\/files\/2015\/03\/DSC_0371-150x150.jpg","thumbnail_width":150,"thumbnail_height":150}